{"id":430,"date":"2021-07-27T23:15:44","date_gmt":"2021-07-27T21:15:44","guid":{"rendered":"https:\/\/www.lofer.com\/?page_id=430"},"modified":"2024-07-23T13:46:58","modified_gmt":"2024-07-23T11:46:58","slug":"weissbach","status":"publish","type":"page","link":"https:\/\/www.lofer.com\/de\/das-salzburger-saalachtal\/weissbach","title":{"rendered":"Wei\u00dfbach"},"content":{"rendered":"\n<h1 class=\"wp-block-heading\" id=\"weissbach\">Wei\u00dfbach<\/h1>\n\n\n\n<h2 class=\"wp-block-heading\" id=\"bergsteigerdorf-und-naturpark-inmitten-machtiger-gipfel\">Bergsteigerdorf und Naturpark inmitten m\u00e4chtiger Gipfel<\/h2>\n\n\n<style>.kb-row-layout-id430_5a21cc-d5 > .kt-row-column-wrap{align-content:start;}:where(.kb-row-layout-id430_5a21cc-d5 > .kt-row-column-wrap) > .wp-block-kadence-column{justify-content:start;}.kb-row-layout-id430_5a21cc-d5 > .kt-row-column-wrap{column-gap:var(--global-kb-gap-md, 2rem);row-gap:var(--global-kb-gap-md, 2rem);padding-top:var(--global-kb-spacing-sm, 1.5rem);padding-bottom:var(--global-kb-spacing-sm, 1.5rem);grid-template-columns:minmax(0, 1fr);}.kb-row-layout-id430_5a21cc-d5 > .kt-row-layout-overlay{opacity:0.30;}@media all and (max-width: 1024px){.kb-row-layout-id430_5a21cc-d5 > .kt-row-column-wrap{grid-template-columns:minmax(0, 1fr);}}@media all and (max-width: 767px){.kb-row-layout-id430_5a21cc-d5 > .kt-row-column-wrap{grid-template-columns:minmax(0, 1fr);}}<\/style><div class=\"kb-row-layout-wrap kb-row-layout-id430_5a21cc-d5 alignnone wp-block-kadence-rowlayout\"><div class=\"kt-row-column-wrap kt-has-1-columns kt-row-layout-equal kt-tab-layout-inherit kt-mobile-layout-row kt-row-valign-top\">\n<style>.kadence-column430_c8469b-5d > .kt-inside-inner-col,.kadence-column430_c8469b-5d > .kt-inside-inner-col:before{border-top-left-radius:0px;border-top-right-radius:0px;border-bottom-right-radius:0px;border-bottom-left-radius:0px;}.kadence-column430_c8469b-5d > .kt-inside-inner-col{column-gap:var(--global-kb-gap-sm, 1rem);}.kadence-column430_c8469b-5d > .kt-inside-inner-col{flex-direction:column;}.kadence-column430_c8469b-5d > .kt-inside-inner-col > .aligncenter{width:100%;}.kadence-column430_c8469b-5d > .kt-inside-inner-col:before{opacity:0.3;}.kadence-column430_c8469b-5d{position:relative;}@media all and (max-width: 1024px){.kadence-column430_c8469b-5d > .kt-inside-inner-col{flex-direction:column;justify-content:center;}}@media all and (max-width: 767px){.kadence-column430_c8469b-5d > .kt-inside-inner-col{flex-direction:column;justify-content:center;}}<\/style>\n<div class=\"wp-block-kadence-column kadence-column430_c8469b-5d inner-column-1\"><div class=\"kt-inside-inner-col\">\n<p class=\"wp-block-paragraph\">Wei\u00dfbach bei <strong><a href=\"https:\/\/www.lofer.com\/de\/das-salzburger-saalachtal\/lofer\" data-type=\"URL\" data-id=\"https:\/\/www.lofer.com\/de\/das-salzburger-saalachtal\/lofer\">Lofer<\/a> <\/strong>kann man als das Bergsteigerdorf im <a href=\"https:\/\/www.lofer.com\/de\/das-salzburger-saalachtal\" data-type=\"URL\" data-id=\"https:\/\/www.lofer.com\/de\/das-salzburger-saalachtal\"><strong>Salzburger Saalachtal<\/strong><\/a> bezeichnen. Hier dreht sich alles um luftige H\u00f6hen, Gipfelkreuze und den Aufstieg dorthin. Dabei findet man in der h\u00fcbschen Ortschaft, umgeben von den Ausl\u00e4ufern des Steinernen Meeres und der Leoganger und <a href=\"https:\/\/www.lofer.com\/de\/aktiv-im-sommer\/wandern\/loferer-steinberge\" data-type=\"URL\" data-id=\"https:\/\/www.lofer.com\/de\/aktiv-im-sommer\/wandern\/loferer-steinberge\"><strong>Loferer Steinberge<\/strong><\/a>, all die Annehmlichkeiten, die man sich von einem guten \u201aBasislager\u2019 erwartet. Gem\u00fctliche und famili\u00e4re Unterk\u00fcnfte, einladende Wirtsh\u00e4user und echt herzliche Menschen. Im Winter tragen die vielen <strong><a href=\"https:\/\/www.lofer.com\/de\/aktiv-im-winter\/skitouren\" data-type=\"URL\" data-id=\"https:\/\/www.lofer.com\/de\/aktiv-im-winter\/skitouren\">Skitourenrouten<\/a> <\/strong>das Ihre zum hervorragenden Ruf des Ortes bei. In den Sommermonaten bev\u00f6lkern dann <strong><a href=\"https:\/\/www.lofer.com\/de\/aktiv-im-sommer\/klettern\" data-type=\"URL\" data-id=\"https:\/\/www.lofer.com\/de\/aktiv-im-sommer\/klettern\">Kletterer<\/a> <\/strong>und <strong><a href=\"https:\/\/www.lofer.com\/de\/das-salzburger-saalachtal\/touren#cat=Bergsteigen-main,Bergtour&amp;filter=r-fullyTranslatedLangus-,r-onlyOpened-,sb-sortedBy-0\" data-type=\"URL\" data-id=\"https:\/\/www.lofer.com\/de\/das-salzburger-saalachtal\/touren#cat=Bergsteigen-main,Bergtour&amp;filter=r-fullyTranslatedLangus-,r-onlyOpened-,sb-sortedBy-0\">Bergsteiger<\/a> <\/strong>die vielen Kletterrouten, feiern einsame Gipfelsiege und tasten sich in den vier <strong><a href=\"https:\/\/www.lofer.com\/de\/aktiv-im-sommer\/klettern\/klettersteige\" data-type=\"URL\" data-id=\"https:\/\/www.lofer.com\/de\/aktiv-im-sommer\/klettern\/klettersteige\">Klettersteigen<\/a> <\/strong>(Gams Kitz, Zahme Gams, Wei\u00dfe Gams, Wilde Gams) an ihre Grenzen heran. Wer tiefe Einblicke in Flora und Fauna des heimischen Almenraumes erhalten und dabei durch einen der sch\u00f6nsten Naturparks \u00d6sterreichs wandern m\u00f6chte, der sollte dem <strong><a rel=\"noreferrer noopener\" href=\"https:\/\/www.naturpark-weissbach.at\/\" data-type=\"URL\" data-id=\"https:\/\/www.naturpark-weissbach.at\/\" target=\"_blank\">Naturparkzentrum Wei\u00dfbach<\/a><\/strong> unbedingt einen Besuch abstatten und sich einer der interessanten F\u00fchrungen anschlie\u00dfen.<br><\/p>\n\n\n\n<h3 class=\"wp-block-heading\" id=\"weissbach-urlaub-auf-den-bergen-und-almen-salzburgs\">Wei\u00dfbach: Urlaub auf den Bergen und Almen Salzburgs<\/h3>\n\n\n\n<p class=\"wp-block-paragraph\">Auf den traditionell bewirtschafteten Almen und den vielf\u00e4ltigen Bergm\u00e4hwiesen sprie\u00dfen au\u00dfergew\u00f6hnliche Pflanzen, die in Europa stark gef\u00e4hrdeten Apollofalter flattern \u00fcber die Blumenwiesen und in den dichten Bergmischw\u00e4ldern findet das Wild ausreichend Lebensraum. Auch mit dem <strong><a href=\"https:\/\/www.lofer.com\/de\/aktiv-im-sommer\/bike\/mountainbiken\" data-type=\"URL\" data-id=\"https:\/\/www.lofer.com\/de\/aktiv-im-sommer\/bike\/mountainbiken\">Mountain-<\/a><\/strong> und <strong><a href=\"https:\/\/www.lofer.com\/de\/aktiv-im-sommer\/bike\/e-biken\" data-type=\"URL\" data-id=\"https:\/\/www.lofer.com\/de\/aktiv-im-sommer\/bike\/e-biken\">E-Mountainbike<\/a><\/strong> ist man hier ein gern gesehener Gast, lautet doch eines der Ziele aller \u00f6sterreichischen Naturparks, ein gleichrangiges Miteinander von (Natur)-Schutz, Erholung, Bildung und Regionalentwicklung zu erreichen. Die Faszination und Kraft des <strong><a href=\"https:\/\/www.lofer.com\/de\/aktiv-im-sommer\/wilde-wasser\" data-type=\"URL\" data-id=\"https:\/\/www.lofer.com\/de\/aktiv-im-sommer\/wilde-wasser\">wilden Wassers<\/a><\/strong> kann man dann wieder etwas weiter unten im Tal in der <strong><a href=\"https:\/\/www.lofer.com\/de\/das-salzburger-saalachtal\/ausflugsziele\/seisenbergklamm\" data-type=\"URL\" data-id=\"https:\/\/www.lofer.com\/de\/das-salzburger-saalachtal\/ausflugsziele\/seisenbergklamm\">Seisenbergklamm<\/a><\/strong> beim Wandern oder <strong><a href=\"https:\/\/www.lofer.com\/de\/aktiv-im-sommer\/wilde-wasser\/canyoning\" data-type=\"URL\" data-id=\"https:\/\/www.lofer.com\/de\/aktiv-im-sommer\/wilde-wasser\/canyoning\">Canyoning<\/a><\/strong> erleben. Seit 1831 ist sie begehbar und hat seither nichts von ihrer Faszination verloren.&nbsp;<\/p>\n\n\n\n<div style=\"height:100px\" aria-hidden=\"true\" class=\"wp-block-spacer\"><\/div>\n\n\n<style>.wp-block-kadence-advancedgallery .kb-gallery-type-grid.kb-gallery-id-430_cdc289-5a{margin:-5px;}.kb-gallery-type-grid.kb-gallery-id-430_cdc289-5a .kadence-blocks-gallery-item{padding:5px;}.kb-gallery-id-430_cdc289-5a .kadence-blocks-gallery-item .kb-gal-image-radius, .kb-gallery-id-430_cdc289-5a .kb-slide-item .kb-gal-image-radius img{border-radius:0px 0px 0px 0px;;}<\/style><div class=\"kb-gallery-wrap-id-430_cdc289-5a alignnone wp-block-kadence-advancedgallery\"><ul class=\"kb-gallery-ul kb-gallery-non-static kb-gallery-type-grid kb-gallery-id-430_cdc289-5a kb-gallery-caption-style-bottom-hover kb-gallery-filter-none\" data-image-filter=\"none\" data-item-selector=\".kadence-blocks-gallery-item\" data-lightbox-caption=\"true\" data-columns-xxl=\"3\" data-columns-xl=\"3\" data-columns-md=\"3\" data-columns-sm=\"2\" data-columns-xs=\"1\" data-columns-ss=\"1\"><li class=\"kadence-blocks-gallery-item\"><div class=\"kadence-blocks-gallery-item-inner\"><figure class=\"kb-gallery-figure kb-gallery-item-has-link kadence-blocks-gallery-item-hide-caption\"><a href=\"https:\/\/www.lofer.com\/wp-content\/uploads\/2021\/08\/das-salzburger-saalachtal-medium-909.jpg\" class=\"kb-gallery-item-link\"   data-lbwps-width=\"1200\" data-lbwps-height=\"800\" data-lbwps-srcsmall=\"https:\/\/www.lofer.com\/wp-content\/uploads\/2021\/08\/das-salzburger-saalachtal-medium-909-60x40.jpg\" data-lbwps-caption=\"Klettern am Klettersteig Zahme Gams in Wei\u00dfbach (c)defrancesco \"><div class=\"kb-gal-image-radius\"><div class=\"kb-gallery-image-contain kadence-blocks-gallery-intrinsic kb-gallery-image-ratio-land32 kb-has-image-ratio-land32\" ><img loading=\"lazy\" decoding=\"async\" src=\"https:\/\/www.lofer.com\/wp-content\/uploads\/2021\/08\/das-salzburger-saalachtal-medium-909.jpg\" width=\"1200\" height=\"800\" alt=\"Klettern am Klettersteig Zahme Gams in Wei\u00dfbach\" data-full-image=\"https:\/\/www.lofer.com\/wp-content\/uploads\/2021\/08\/das-salzburger-saalachtal-medium-909.jpg\" data-light-image=\"https:\/\/www.lofer.com\/wp-content\/uploads\/2021\/08\/das-salzburger-saalachtal-medium-909.jpg\" data-id=\"3778\" class=\"wp-image-3778\"\/><\/div><\/div><\/a><\/figure><\/div><\/li><li class=\"kadence-blocks-gallery-item\"><div class=\"kadence-blocks-gallery-item-inner\"><figure class=\"kb-gallery-figure kb-gallery-item-has-link kadence-blocks-gallery-item-hide-caption\"><a href=\"https:\/\/www.lofer.com\/wp-content\/uploads\/2021\/08\/das-salzburger-saalachtal-medium-910.jpg\" class=\"kb-gallery-item-link\"   data-lbwps-width=\"1200\" data-lbwps-height=\"900\" data-lbwps-srcsmall=\"https:\/\/www.lofer.com\/wp-content\/uploads\/2021\/08\/das-salzburger-saalachtal-medium-910-60x45.jpg\" data-lbwps-caption=\"Skitour auf das Seehorn im Naturpark Wei\u00dfbach mit Blick auf K\u00fchkranz und Hochkranz\"><div class=\"kb-gal-image-radius\"><div class=\"kb-gallery-image-contain kadence-blocks-gallery-intrinsic kb-gallery-image-ratio-land32 kb-has-image-ratio-land32\" ><img loading=\"lazy\" decoding=\"async\" src=\"https:\/\/www.lofer.com\/wp-content\/uploads\/2021\/08\/das-salzburger-saalachtal-medium-910.jpg\" width=\"1200\" height=\"900\" alt=\"Skitour auf das Seehorn im Naturpark Wei\u00dfbach mit Blick auf K\u00fchkranz und Hochkranz\" data-full-image=\"https:\/\/www.lofer.com\/wp-content\/uploads\/2021\/08\/das-salzburger-saalachtal-medium-910.jpg\" data-light-image=\"https:\/\/www.lofer.com\/wp-content\/uploads\/2021\/08\/das-salzburger-saalachtal-medium-910.jpg\" data-id=\"3780\" class=\"wp-image-3780\"\/><\/div><\/div><\/a><\/figure><\/div><\/li><li class=\"kadence-blocks-gallery-item\"><div class=\"kadence-blocks-gallery-item-inner\"><figure class=\"kb-gallery-figure kb-gallery-item-has-link kadence-blocks-gallery-item-hide-caption\"><a href=\"https:\/\/www.lofer.com\/wp-content\/uploads\/2021\/08\/das-salzburger-saalachtal-medium-911.jpg\" class=\"kb-gallery-item-link\"   data-lbwps-width=\"1200\" data-lbwps-height=\"807\" data-lbwps-srcsmall=\"https:\/\/www.lofer.com\/wp-content\/uploads\/2021\/08\/das-salzburger-saalachtal-medium-911-60x40.jpg\" data-lbwps-caption=\"Kaser auf der Kallbrunnalm im Naturpark Wei\u00dfbach (c) Achim Meurer\"><div class=\"kb-gal-image-radius\"><div class=\"kb-gallery-image-contain kadence-blocks-gallery-intrinsic kb-gallery-image-ratio-land32 kb-has-image-ratio-land32\" ><img loading=\"lazy\" decoding=\"async\" src=\"https:\/\/www.lofer.com\/wp-content\/uploads\/2021\/08\/das-salzburger-saalachtal-medium-911.jpg\" width=\"1200\" height=\"807\" alt=\"Kaser auf der Kallbrunnalm im Naturpark Wei\u00dfbach\" data-full-image=\"https:\/\/www.lofer.com\/wp-content\/uploads\/2021\/08\/das-salzburger-saalachtal-medium-911.jpg\" data-light-image=\"https:\/\/www.lofer.com\/wp-content\/uploads\/2021\/08\/das-salzburger-saalachtal-medium-911.jpg\" data-id=\"3770\" class=\"wp-image-3770\"\/><\/div><\/div><\/a><\/figure><\/div><\/li><li class=\"kadence-blocks-gallery-item\"><div class=\"kadence-blocks-gallery-item-inner\"><figure class=\"kb-gallery-figure kb-gallery-item-has-link kadence-blocks-gallery-item-hide-caption\"><a href=\"https:\/\/www.lofer.com\/wp-content\/uploads\/2022\/02\/Litzlalm-1.jpg\" class=\"kb-gallery-item-link\"   data-lbwps-width=\"2560\" data-lbwps-height=\"1920\" data-lbwps-srcsmall=\"https:\/\/www.lofer.com\/wp-content\/uploads\/2022\/02\/Litzlalm-1-60x45.jpg\" data-lbwps-caption=\"Winter auf der Litzlalm im Naturpark Wei\u00dfbach\"><div class=\"kb-gal-image-radius\"><div class=\"kb-gallery-image-contain kadence-blocks-gallery-intrinsic kb-gallery-image-ratio-land32 kb-has-image-ratio-land32\" ><img loading=\"lazy\" decoding=\"async\" src=\"https:\/\/www.lofer.com\/wp-content\/uploads\/2022\/02\/Litzlalm-1-scaled.jpg\" width=\"2560\" height=\"1920\" alt=\"Winter auf der Litzlalm im Naturpark Wei\u00dfbach\" data-full-image=\"https:\/\/www.lofer.com\/wp-content\/uploads\/2022\/02\/Litzlalm-1-scaled.jpg\" data-light-image=\"https:\/\/www.lofer.com\/wp-content\/uploads\/2022\/02\/Litzlalm-1-scaled.jpg\" data-id=\"26405\" class=\"wp-image-26405\"\/><\/div><\/div><\/a><\/figure><\/div><\/li><li class=\"kadence-blocks-gallery-item\"><div class=\"kadence-blocks-gallery-item-inner\"><figure class=\"kb-gallery-figure kb-gallery-item-has-link kadence-blocks-gallery-item-hide-caption\"><a href=\"https:\/\/www.lofer.com\/wp-content\/uploads\/2021\/08\/das-salzburger-saalachtal-medium-1024.jpg\" class=\"kb-gallery-item-link\"   data-lbwps-width=\"1200\" data-lbwps-height=\"800\" data-lbwps-srcsmall=\"https:\/\/www.lofer.com\/wp-content\/uploads\/2021\/08\/das-salzburger-saalachtal-medium-1024-60x40.jpg\" data-lbwps-caption=\"Blick auf das Zentrum vom Bergsteigerdorf Wei\u00dfbach\"><div class=\"kb-gal-image-radius\"><div class=\"kb-gallery-image-contain kadence-blocks-gallery-intrinsic kb-gallery-image-ratio-land32 kb-has-image-ratio-land32\" ><img loading=\"lazy\" decoding=\"async\" src=\"https:\/\/www.lofer.com\/wp-content\/uploads\/2021\/08\/das-salzburger-saalachtal-medium-1024.jpg\" width=\"1200\" height=\"800\" alt=\"Blick auf das Zentrum vom Bergsteigerdorf Wei\u00dfbach\" data-full-image=\"https:\/\/www.lofer.com\/wp-content\/uploads\/2021\/08\/das-salzburger-saalachtal-medium-1024.jpg\" data-light-image=\"https:\/\/www.lofer.com\/wp-content\/uploads\/2021\/08\/das-salzburger-saalachtal-medium-1024.jpg\" data-id=\"3774\" class=\"wp-image-3774\"\/><\/div><\/div><\/a><\/figure><\/div><\/li><li class=\"kadence-blocks-gallery-item\"><div class=\"kadence-blocks-gallery-item-inner\"><figure class=\"kb-gallery-figure kb-gallery-item-has-link kadence-blocks-gallery-item-hide-caption\"><a href=\"https:\/\/www.lofer.com\/wp-content\/uploads\/2021\/10\/Landschaft-Sommer-Weissbach-Naturpark-Weissbach-Litzlalm-c-Salzburger-Saalachtal-Tourismus-Urheber-Fotomagie-Header.jpg\" class=\"kb-gallery-item-link\"   data-lbwps-width=\"8192\" data-lbwps-height=\"2688\" data-lbwps-srcsmall=\"https:\/\/www.lofer.com\/wp-content\/uploads\/2021\/10\/Landschaft-Sommer-Weissbach-Naturpark-Weissbach-Litzlalm-c-Salzburger-Saalachtal-Tourismus-Urheber-Fotomagie-Header-60x20.jpg\"><div class=\"kb-gal-image-radius\"><div class=\"kb-gallery-image-contain kadence-blocks-gallery-intrinsic kb-gallery-image-ratio-land32 kb-has-image-ratio-land32\" ><img loading=\"lazy\" decoding=\"async\" src=\"https:\/\/www.lofer.com\/wp-content\/uploads\/2021\/10\/Landschaft-Sommer-Weissbach-Naturpark-Weissbach-Litzlalm-c-Salzburger-Saalachtal-Tourismus-Urheber-Fotomagie-Header-1024x336.jpg\" width=\"1024\" height=\"336\" alt=\"\" data-full-image=\"https:\/\/www.lofer.com\/wp-content\/uploads\/2021\/10\/Landschaft-Sommer-Weissbach-Naturpark-Weissbach-Litzlalm-c-Salzburger-Saalachtal-Tourismus-Urheber-Fotomagie-Header-scaled.jpg\" data-light-image=\"https:\/\/www.lofer.com\/wp-content\/uploads\/2021\/10\/Landschaft-Sommer-Weissbach-Naturpark-Weissbach-Litzlalm-c-Salzburger-Saalachtal-Tourismus-Urheber-Fotomagie-Header-scaled.jpg\" data-id=\"38443\" class=\"wp-image-38443\" srcset=\"https:\/\/www.lofer.com\/wp-content\/uploads\/2021\/10\/Landschaft-Sommer-Weissbach-Naturpark-Weissbach-Litzlalm-c-Salzburger-Saalachtal-Tourismus-Urheber-Fotomagie-Header-1024x336.jpg 1024w, https:\/\/www.lofer.com\/wp-content\/uploads\/2021\/10\/Landschaft-Sommer-Weissbach-Naturpark-Weissbach-Litzlalm-c-Salzburger-Saalachtal-Tourismus-Urheber-Fotomagie-Header-300x98.jpg 300w, https:\/\/www.lofer.com\/wp-content\/uploads\/2021\/10\/Landschaft-Sommer-Weissbach-Naturpark-Weissbach-Litzlalm-c-Salzburger-Saalachtal-Tourismus-Urheber-Fotomagie-Header-768x252.jpg 768w, https:\/\/www.lofer.com\/wp-content\/uploads\/2021\/10\/Landschaft-Sommer-Weissbach-Naturpark-Weissbach-Litzlalm-c-Salzburger-Saalachtal-Tourismus-Urheber-Fotomagie-Header-1536x504.jpg 1536w, https:\/\/www.lofer.com\/wp-content\/uploads\/2021\/10\/Landschaft-Sommer-Weissbach-Naturpark-Weissbach-Litzlalm-c-Salzburger-Saalachtal-Tourismus-Urheber-Fotomagie-Header-2048x672.jpg 2048w, https:\/\/www.lofer.com\/wp-content\/uploads\/2021\/10\/Landschaft-Sommer-Weissbach-Naturpark-Weissbach-Litzlalm-c-Salzburger-Saalachtal-Tourismus-Urheber-Fotomagie-Header-60x20.jpg 60w\" sizes=\"auto, (max-width: 1024px) 100vw, 1024px\" \/><\/div><\/div><\/a><\/figure><\/div><\/li><\/ul><\/div><\/div><\/div>\n\n<\/div><\/div>","protected":false},"excerpt":{"rendered":"<p>Wei\u00dfbach Bergsteigerdorf und Naturpark inmitten m\u00e4chtiger Gipfel Wei\u00dfbach bei Lofer kann man als das Bergsteigerdorf im Salzburger Saalachtal bezeichnen. Hier dreht sich alles um luftige H\u00f6hen, Gipfelkreuze und den Aufstieg dorthin. Dabei findet man in der h\u00fcbschen Ortschaft, umgeben von den Ausl\u00e4ufern des Steinernen Meeres und der Leoganger und Loferer Steinberge, all die Annehmlichkeiten, die [&hellip;]<\/p>\n","protected":false},"author":15,"featured_media":26216,"parent":391,"menu_order":4,"comment_status":"closed","ping_status":"closed","template":"","meta":{"_kad_blocks_custom_css":"","_kad_blocks_head_custom_js":"","_kad_blocks_body_custom_js":"","_kad_blocks_footer_custom_js":"","footnotes":""},"categories":[1,95],"tags":[102],"class_list":["post-430","page","type-page","status-publish","has-post-thumbnail","hentry","category-allgemein","category-lofer-com","tag-allgemein"],"acf":[],"taxonomy_info":{"category":[{"value":1,"label":"Allgemein"},{"value":95,"label":"lofer.com"}],"post_tag":[{"value":102,"label":"Allgemein"}]},"featured_image_src_large":["https:\/\/www.lofer.com\/wp-content\/uploads\/2022\/02\/1-weissbach-sommer.jpg",900,600,false],"author_info":{"display_name":"admin_conecto","author_link":"https:\/\/www.lofer.com\/de\/author\/admin_conecto"},"comment_info":0,"_links":{"self":[{"href":"https:\/\/www.lofer.com\/de\/wp-json\/wp\/v2\/pages\/430","targetHints":{"allow":["GET"]}}],"collection":[{"href":"https:\/\/www.lofer.com\/de\/wp-json\/wp\/v2\/pages"}],"about":[{"href":"https:\/\/www.lofer.com\/de\/wp-json\/wp\/v2\/types\/page"}],"author":[{"embeddable":true,"href":"https:\/\/www.lofer.com\/de\/wp-json\/wp\/v2\/users\/15"}],"replies":[{"embeddable":true,"href":"https:\/\/www.lofer.com\/de\/wp-json\/wp\/v2\/comments?post=430"}],"version-history":[{"count":0,"href":"https:\/\/www.lofer.com\/de\/wp-json\/wp\/v2\/pages\/430\/revisions"}],"up":[{"embeddable":true,"href":"https:\/\/www.lofer.com\/de\/wp-json\/wp\/v2\/pages\/391"}],"wp:featuredmedia":[{"embeddable":true,"href":"https:\/\/www.lofer.com\/de\/wp-json\/wp\/v2\/media\/26216"}],"wp:attachment":[{"href":"https:\/\/www.lofer.com\/de\/wp-json\/wp\/v2\/media?parent=430"}],"wp:term":[{"taxonomy":"category","embeddable":true,"href":"https:\/\/www.lofer.com\/de\/wp-json\/wp\/v2\/categories?post=430"},{"taxonomy":"post_tag","embeddable":true,"href":"https:\/\/www.lofer.com\/de\/wp-json\/wp\/v2\/tags?post=430"}],"curies":[{"name":"wp","href":"https:\/\/api.w.org\/{rel}","templated":true}]}}